{"id":156,"date":"2017-02-28T22:46:34","date_gmt":"2017-02-28T21:46:34","guid":{"rendered":"http:\/\/ipmm.polsl.pl\/?page_id=156"},"modified":"2019-02-21T14:46:56","modified_gmt":"2019-02-21T13:46:56","slug":"zadania","status":"publish","type":"page","link":"https:\/\/ipmm.polsl.pl\/?page_id=156","title":{"rendered":"Grupy docelowe"},"content":{"rendered":"<p style=\"text-align: justify;\">Odbiorcami Projektu s\u0105 mi\u0119dzy innymi:<\/p>\n<ul>\n<li>pracownicy naukowi polskich i czeskich Uczelni Technicznych reprezentowanych przez Partner\u00f3w Projektu,<\/li>\n<li>doktoranci oraz studenci polskich i czeskich Uczelni Technicznych reprezentowanych przez Partner\u00f3w Projektu,<\/li>\n<li>przedsi\u0119biorcy dzia\u0142aj\u0105cy po obu stronach granicy na terenie obszar\u00f3w obj\u0119tych wsparciem,<\/li>\n<li>przedstawiciele lokalnych w\u0142adz i s\u0142u\u017cb administracyjnych funkcjonuj\u0105cych po obu stronach granicy na terenie obszar\u00f3w obj\u0119tych wsparciem,<\/li>\n<li>projektanci i audytorzy proces\u00f3w produkcyjnych,<\/li>\n<li>przedstawiciele nauki z ca\u0142ego \u015bwiata.<\/li>\n<\/ul>\n<hr \/>\n<p style=\"text-align: justify;\"><strong>Obszary wsparcia dla przedsi\u0119biorc\u00f3w, przedstawicieli lokalnych w\u0142adz i s\u0142u\u017cb administracyjnych<\/strong><\/p>\n<p><img loading=\"lazy\" decoding=\"async\" class=\"aligncenter wp-image-636 size-full\" src=\"http:\/\/ipmm.polsl.pl\/wp-content\/uploads\/2019\/02\/45_Mapa-obszaru-wsparcia1.jpg\" alt=\"\" width=\"1019\" height=\"720\" srcset=\"https:\/\/ipmm.polsl.pl\/wp-content\/uploads\/2019\/02\/45_Mapa-obszaru-wsparcia1.jpg 1019w, https:\/\/ipmm.polsl.pl\/wp-content\/uploads\/2019\/02\/45_Mapa-obszaru-wsparcia1-300x212.jpg 300w, https:\/\/ipmm.polsl.pl\/wp-content\/uploads\/2019\/02\/45_Mapa-obszaru-wsparcia1-768x543.jpg 768w\" sizes=\"(max-width: 1019px) 100vw, 1019px\" \/><\/p>\n<p style=\"text-align: justify;\"><strong>Po stronie polskiej:<\/strong> Gorzyce, Lubomia, Marklowice, Mszana, Psz\u00f3w, powiat g\u0142ubczycki i raciborski, Rybnik i powiat rybnicki, Radlin, Rydu\u0142towy, Wodzis\u0142aw \u015al\u0105ski i \u017bory.<br \/>\n<strong>Po stronie czeskiej:<\/strong> Nov\u00fd Ji\u010d\u00edn, Opava, Ostrava-m\u011bsto.<\/p>\n","protected":false},"excerpt":{"rendered":"<p>Odbiorcami Projektu s\u0105 mi\u0119dzy innymi: pracownicy naukowi polskich i czeskich Uczelni Technicznych reprezentowanych przez Partner\u00f3w Projektu, doktoranci oraz studenci polskich i czeskich Uczelni Technicznych reprezentowanych przez Partner\u00f3w Projektu, przedsi\u0119biorcy dzia\u0142aj\u0105cy po obu stronach granicy na terenie obszar\u00f3w obj\u0119tych wsparciem, przedstawiciele lokalnych w\u0142adz i s\u0142u\u017cb administracyjnych funkcjonuj\u0105cych po obu stronach granicy na terenie obszar\u00f3w obj\u0119tych wsparciem, <a class=\"read-more\" href=\"https:\/\/ipmm.polsl.pl\/?page_id=156\">[&hellip;]<\/a><\/p>\n","protected":false},"author":1,"featured_media":0,"parent":0,"menu_order":0,"comment_status":"closed","ping_status":"closed","template":"","meta":{"footnotes":""},"_links":{"self":[{"href":"https:\/\/ipmm.polsl.pl\/index.php?rest_route=\/wp\/v2\/pages\/156"}],"collection":[{"href":"https:\/\/ipmm.polsl.pl\/index.php?rest_route=\/wp\/v2\/pages"}],"about":[{"href":"https:\/\/ipmm.polsl.pl\/index.php?rest_route=\/wp\/v2\/types\/page"}],"author":[{"embeddable":true,"href":"https:\/\/ipmm.polsl.pl\/index.php?rest_route=\/wp\/v2\/users\/1"}],"replies":[{"embeddable":true,"href":"https:\/\/ipmm.polsl.pl\/index.php?rest_route=%2Fwp%2Fv2%2Fcomments&post=156"}],"version-history":[{"count":20,"href":"https:\/\/ipmm.polsl.pl\/index.php?rest_route=\/wp\/v2\/pages\/156\/revisions"}],"predecessor-version":[{"id":728,"href":"https:\/\/ipmm.polsl.pl\/index.php?rest_route=\/wp\/v2\/pages\/156\/revisions\/728"}],"wp:attachment":[{"href":"https:\/\/ipmm.polsl.pl\/index.php?rest_route=%2Fwp%2Fv2%2Fmedia&parent=156"}],"curies":[{"name":"wp","href":"https:\/\/api.w.org\/{rel}","templated":true}]}}